{"id":288,"date":"2013-04-19T06:18:37","date_gmt":"2013-04-19T04:18:37","guid":{"rendered":"http:\/\/www.aktivkreis.goetze-media.de\/index.php\/aktueller-anlass\/"},"modified":"2013-04-19T06:18:37","modified_gmt":"2013-04-19T04:18:37","slug":"aktueller-anlass","status":"publish","type":"page","link":"https:\/\/www.aktivkreis-frechen.de\/index.php\/aktueller-anlass\/","title":{"rendered":"Absage Stadfest"},"content":{"rendered":"<p><span style=\"font-size: 14pt;\"><\/span><\/p>\n<p><span style=\"font-size: 14pt;\"><strong>Frechen bietet mehr &#8230;&nbsp; noch.<br \/><\/strong><\/span><\/p>\n<p>Wir der Aktivkreis Frechen e.V. haben es uns zum Ziel gesetzt, Ihnen immer wieder ein attraktives und lebendiges Stadtzentrum zu pr\u00e4sentieren. Leider werden die Rahmenbedingungen immer ung\u00fcnstiger und damit einhergehend die Finanzierung solcher Events unm\u00f6glich. Der erste Veranstalter hat sich bereits mit dem Stadtfest 2017 zur\u00fcckgezogen.<\/p>\n<p>Dies m\u00f6chten wir f\u00fcr die Frechener realisieren:<\/p>\n<p>&#8230; Events und mehr mit Live-Musik, Pr\u00e4sentationen, Informationen, Stra\u00dfenverkauf, Markth\u00e4ndler, Volksfest<\/p>\n<p><strong><strong>\u2022&nbsp; Bauernmarkt<br \/><strong>\u2022&nbsp; Deutsch-Holl\u00e4ndischer Stoffmarkt<\/strong><br \/><\/strong>\u2022&nbsp; <span style=\"text-decoration: line-through;\">Stadtfest<\/span><\/strong><br \/><strong>\u2022&nbsp; <\/strong><strong>Martinsmarkt&#8230;.<\/strong><\/p>\n<p>Mit einem <a href=\"http:\/\/www.aktivkreis.goetze-media.de\/wp-content\/uploads\/2013\/04\/minister_garrelt_duin-22.2.17.pdf\" target=\"_blank\" onclick=\"window.open(this.href,'','scrollbars=yes,resizable=yes,location=yes,menubar=yes,status=yes,toolbar=yes,left=0,top=0');return false;\" rel=\"noopener noreferrer\">offnen Brief<\/a> wendet sich der Aktivkreis an das Ministerium f\u00fcr Wirtschaft, Energie, Industrie, Mittelstand und Handwerk.<\/p>\n<p>Zum Thema <a href=\"http:\/\/www.frechenschau.de\/2017\/02\/23\/verkaufsoffene-sonntage-auf-dem-pruefstand\/\">Verkaufsoffene Sonntage<\/a> ein Artikel von Susanne Neumann (Frechenschau.de) in den Innenst\u00e4dten.<\/p>\n<p>&nbsp;<\/p>\n<p>&nbsp;<\/p>\n<p>&nbsp;<\/p>\n<p>&nbsp;<\/p>\n<p style=\"text-align: right;\"><span style=\"font-size: 12pt; font-family: arial black,avant garde;\"><strong>Aktivkreis Frechen e.V. &#8211;<\/strong><\/span><br \/><span style=\"font-family: arial black,avant garde; font-size: 12pt;\"><strong>aktiv f\u00fcr Frechen und seine U<\/strong><strong>n<\/strong><strong>ternehmen.<\/strong><\/span><\/p>\n","protected":false},"excerpt":{"rendered":"<p>Frechen bietet mehr &#8230;&nbsp; noch. Wir der Aktivkreis Frechen e.V. haben es uns zum Ziel gesetzt, Ihnen immer wieder ein attraktives und lebendiges Stadtzentrum zu pr\u00e4sentieren. Leider werden die Rahmenbedingungen immer ung\u00fcnstiger und damit einhergehend die Finanzierung solcher Events unm\u00f6glich. Der erste Veranstalter hat sich bereits mit dem Stadtfest 2017 zur\u00fcckgezogen. Dies m\u00f6chten wir f\u00fcr<\/p>\n","protected":false},"author":1,"featured_media":0,"parent":0,"menu_order":2,"comment_status":"closed","ping_status":"closed","template":"","meta":{"footnotes":""},"class_list":["post-288","page","type-page","status-publish","hentry"],"_links":{"self":[{"href":"https:\/\/www.aktivkreis-frechen.de\/index.php\/wp-json\/wp\/v2\/pages\/288","targetHints":{"allow":["GET"]}}],"collection":[{"href":"https:\/\/www.aktivkreis-frechen.de\/index.php\/wp-json\/wp\/v2\/pages"}],"about":[{"href":"https:\/\/www.aktivkreis-frechen.de\/index.php\/wp-json\/wp\/v2\/types\/page"}],"author":[{"embeddable":true,"href":"https:\/\/www.aktivkreis-frechen.de\/index.php\/wp-json\/wp\/v2\/users\/1"}],"replies":[{"embeddable":true,"href":"https:\/\/www.aktivkreis-frechen.de\/index.php\/wp-json\/wp\/v2\/comments?post=288"}],"version-history":[{"count":0,"href":"https:\/\/www.aktivkreis-frechen.de\/index.php\/wp-json\/wp\/v2\/pages\/288\/revisions"}],"wp:attachment":[{"href":"https:\/\/www.aktivkreis-frechen.de\/index.php\/wp-json\/wp\/v2\/media?parent=288"}],"curies":[{"name":"wp","href":"https:\/\/api.w.org\/{rel}","templated":true}]}}