{"id":259,"date":"2014-12-01T14:43:00","date_gmt":"2014-12-01T12:43:00","guid":{"rendered":"http:\/\/www.aktivkreis.goetze-media.de\/index.php\/verkaufsoffener-sonntag-2014\/"},"modified":"2014-12-01T14:43:00","modified_gmt":"2014-12-01T12:43:00","slug":"verkaufsoffener-sonntag-2014","status":"publish","type":"page","link":"https:\/\/www.aktivkreis-frechen.de\/index.php\/verkaufsoffener-sonntag-2014\/","title":{"rendered":"07.12.2014 Verkaufsoffener Sonntag"},"content":{"rendered":"<p>&nbsp;<img decoding=\"async\" class=\" size-full wp-image-216\" style=\"border: 0px none;\" src=\"http:\/\/www.aktivkreis.goetze-media.de\/wp-content\/uploads\/2013\/09\/motto_schnaepchensonntag.jpg\" alt=\"motto schnaepchensonntag\" width=\"201\" height=\"133\" \/><\/p>\n<p><strong>07.12.2014 Verkaufsoffener Sonntag im Advent<br \/><\/strong><\/p>\n<p>  <!--more-->  <\/p>\n<p>&nbsp;<img fetchpriority=\"high\" decoding=\"async\" class=\" size-full wp-image-216\" style=\"border: 0px none; vertical-align: bottom;\" src=\"http:\/\/www.aktivkreis.goetze-media.de\/wp-content\/uploads\/2013\/09\/motto_schnaepchensonntag.jpg\" alt=\"motto schnaepchensonntag\" width=\"549\" height=\"363\" \/><\/p>\n<p><strong><span style=\"font-size: 12pt;\">&nbsp;<\/span><\/strong><\/p>\n<p><strong><span style=\"font-size: 12pt;\">&nbsp;<\/span><\/strong><\/p>\n<p><strong><span style=\"font-size: 12pt;\">&nbsp;<\/span><\/strong><\/p>\n<p><strong><span style=\"font-size: 12pt;\">&nbsp;<\/span><\/strong><\/p>\n<p><strong><span style=\"font-size: 12pt;\">&nbsp;<\/span><\/strong><\/p>\n<p><strong><span style=\"font-size: 12pt;\">&nbsp;<\/span><\/strong><\/p>\n<p><strong><span style=\"font-size: 12pt;\">&nbsp;<\/span><\/strong><\/p>\n<p><strong><span style=\"font-size: 12pt;\">&nbsp;<\/span><\/strong><\/p>\n<p><strong><span style=\"font-size: 12pt;\">&nbsp;<\/span><\/strong><\/p>\n<p><strong><span style=\"font-size: 12pt;\">Im Advent auch mal sonntags shoppen.<br \/><\/span><\/strong><\/p>\n<p><span style=\"font-size: 12pt;\">Ohne Stress und Hektik einfach mal hier, mal da in den L\u00e4den st\u00f6bern. Unsere Fachgesch\u00e4fte halten viele \u00dcberraschungen f\u00fcr Sie bereit.<br \/><\/span><\/p>\n<p><span style=\"font-size: 18pt;\">&nbsp;<\/span><\/p>\n<p><span style=\"font-size: 18pt;\">Der Nikolaus kommt.<br \/><\/span><\/p>\n<p><span style=\"font-size: 18pt;\">Infost\u00e4nde: K\u00f6lner Stadtanzeiger, Express, Lionsclub.<br \/><\/span><\/p>\n<p>&nbsp;<\/p>\n<p>&nbsp;<\/p>\n","protected":false},"excerpt":{"rendered":"<p>&nbsp; 07.12.2014 Verkaufsoffener Sonntag im Advent<\/p>\n","protected":false},"author":1,"featured_media":216,"parent":0,"menu_order":9,"comment_status":"closed","ping_status":"closed","template":"","meta":{"footnotes":""},"class_list":["post-259","page","type-page","status-publish","has-post-thumbnail","hentry"],"_links":{"self":[{"href":"https:\/\/www.aktivkreis-frechen.de\/index.php\/wp-json\/wp\/v2\/pages\/259","targetHints":{"allow":["GET"]}}],"collection":[{"href":"https:\/\/www.aktivkreis-frechen.de\/index.php\/wp-json\/wp\/v2\/pages"}],"about":[{"href":"https:\/\/www.aktivkreis-frechen.de\/index.php\/wp-json\/wp\/v2\/types\/page"}],"author":[{"embeddable":true,"href":"https:\/\/www.aktivkreis-frechen.de\/index.php\/wp-json\/wp\/v2\/users\/1"}],"replies":[{"embeddable":true,"href":"https:\/\/www.aktivkreis-frechen.de\/index.php\/wp-json\/wp\/v2\/comments?post=259"}],"version-history":[{"count":0,"href":"https:\/\/www.aktivkreis-frechen.de\/index.php\/wp-json\/wp\/v2\/pages\/259\/revisions"}],"wp:featuredmedia":[{"embeddable":true,"href":"https:\/\/www.aktivkreis-frechen.de\/index.php\/wp-json\/wp\/v2\/media\/216"}],"wp:attachment":[{"href":"https:\/\/www.aktivkreis-frechen.de\/index.php\/wp-json\/wp\/v2\/media?parent=259"}],"curies":[{"name":"wp","href":"https:\/\/api.w.org\/{rel}","templated":true}]}}