{"id":254,"date":"2015-10-23T14:43:00","date_gmt":"2015-10-23T12:43:00","guid":{"rendered":"http:\/\/www.aktivkreis.goetze-media.de\/index.php\/grosses-stadtfest-2016\/"},"modified":"2015-10-23T14:43:00","modified_gmt":"2015-10-23T12:43:00","slug":"grosses-stadtfest-2016","status":"publish","type":"page","link":"https:\/\/www.aktivkreis-frechen.de\/index.php\/grosses-stadtfest-2016\/","title":{"rendered":"04.-05.06.2016 Stadtfest Frechen"},"content":{"rendered":"<p><img decoding=\"async\" class=\" size-full wp-image-218\" src=\"http:\/\/www.aktivkreis.goetze-media.de\/wp-content\/uploads\/2013\/09\/stadtfest_1.jpg\" alt=\"stadtfest 1\" width=\"178\" height=\"134\" style=\"border: 0px none;\" \/><\/p>\n<p><strong><strong><span style=\"font-size: 11pt; font-family: 'Calibri','sans-serif';\">04.-05.06.2016 Stadtfest Frechen <\/span><\/strong><\/strong><\/p>\n<p>  <!--more-->  <\/p>\n<table>\n<tbody>\n<tr>\n<td>&nbsp;<img fetchpriority=\"high\" decoding=\"async\" class=\" alignleft size-full wp-image-218\" src=\"http:\/\/www.aktivkreis.goetze-media.de\/wp-content\/uploads\/2013\/09\/stadtfest_1.jpg\" alt=\"stadtfest 1\" width=\"682\" height=\"511\" style=\"float: left;\" \/><\/td>\n<\/tr>\n<\/tbody>\n<\/table>\n<p><span style=\"font-size: 11pt; font-family: 'Calibri','sans-serif';\">Raus aus den vier W\u00e4nden, rein ins Vergn\u00fcgen.<\/span><\/p>\n<p><span style=\"font-size: 11pt; font-family: 'Calibri','sans-serif';\">Wie (fast) jedes Jahr hei\u00dft Sie der Aktivkreis Frechen e.V. Willkommen, um mit uns das Stadtfest Frechen zu Genie\u00dfen.<br \/> Ein Mix aus kulinarischem, kulturellem, \u201esonntags shoppen\u201c und einfach nur Spa\u00df haben.<br \/> Freuen Sie sich auf ein unterhaltsames B\u00fchnenprogramm, sch\u00f6ne Verkaufsst\u00e4nde und das Bummeln in den sch\u00f6nen Frechener Gesch\u00e4ften.<\/span><\/p>\n<p style=\"margin-bottom: 0.0001pt; line-height: normal;\"><strong>Samstag, den 04.06.2016 11-22Uhr&nbsp;&nbsp;&nbsp;&nbsp; Stadtfest<\/strong><\/p>\n<p style=\"margin-bottom: 0.0001pt; line-height: normal;\"><strong>Sonntag, den 05.06.2016 11-19 Uhr&nbsp;&nbsp;&nbsp;&nbsp; Stadtfest + 13-18 Uhr Verkaufsoffener Sonntag in Frechen<\/strong><\/p>\n<p style=\"margin-bottom: 0.0001pt; line-height: normal;\">&nbsp;<\/p>\n<table>\n<tbody>\n<tr>\n<td>\n<p><img decoding=\"async\" class=\" size-full wp-image-253\" src=\"http:\/\/www.aktivkreis.goetze-media.de\/wp-content\/uploads\/2015\/10\/stadtfest.jpg\" alt=\"stadtfest\" width=\"680\" height=\"453\" \/><\/p>\n<\/td>\n<\/tr>\n<\/tbody>\n<\/table>\n<p><strong><span style=\"font-size: 12pt;\"><\/span><\/strong><\/p>\n<p><strong><span style=\"font-size: 12pt;\"><\/span><\/strong><\/p>\n<p><strong><span style=\"font-size: 12pt;\"><\/span><\/strong><\/p>\n<p><strong><span style=\"font-size: 12pt;\"><\/span><\/strong><\/p>\n<p><strong><span style=\"font-size: 12pt;\"><\/span><\/strong><\/p>\n<p><strong><span style=\"font-size: 12pt;\"><\/span><\/strong><\/p>\n<p><strong><span style=\"font-size: 12pt;\"><\/span><\/strong><\/p>\n<p><strong><span style=\"font-size: 12pt;\"><\/span><\/strong><\/p>\n<p><strong><span style=\"font-size: 12pt;\"><\/span><\/strong><\/p>\n<p>&nbsp;<\/p>\n<p>&nbsp;<\/p>\n<p>&nbsp;<\/p>\n<p>&nbsp;<\/p>\n","protected":false},"excerpt":{"rendered":"<p>04.-05.06.2016 Stadtfest Frechen<\/p>\n","protected":false},"author":1,"featured_media":218,"parent":0,"menu_order":18,"comment_status":"closed","ping_status":"closed","template":"","meta":{"footnotes":""},"class_list":["post-254","page","type-page","status-publish","has-post-thumbnail","hentry"],"_links":{"self":[{"href":"https:\/\/www.aktivkreis-frechen.de\/index.php\/wp-json\/wp\/v2\/pages\/254","targetHints":{"allow":["GET"]}}],"collection":[{"href":"https:\/\/www.aktivkreis-frechen.de\/index.php\/wp-json\/wp\/v2\/pages"}],"about":[{"href":"https:\/\/www.aktivkreis-frechen.de\/index.php\/wp-json\/wp\/v2\/types\/page"}],"author":[{"embeddable":true,"href":"https:\/\/www.aktivkreis-frechen.de\/index.php\/wp-json\/wp\/v2\/users\/1"}],"replies":[{"embeddable":true,"href":"https:\/\/www.aktivkreis-frechen.de\/index.php\/wp-json\/wp\/v2\/comments?post=254"}],"version-history":[{"count":0,"href":"https:\/\/www.aktivkreis-frechen.de\/index.php\/wp-json\/wp\/v2\/pages\/254\/revisions"}],"wp:featuredmedia":[{"embeddable":true,"href":"https:\/\/www.aktivkreis-frechen.de\/index.php\/wp-json\/wp\/v2\/media\/218"}],"wp:attachment":[{"href":"https:\/\/www.aktivkreis-frechen.de\/index.php\/wp-json\/wp\/v2\/media?parent=254"}],"curies":[{"name":"wp","href":"https:\/\/api.w.org\/{rel}","templated":true}]}}