{"id":251,"date":"2016-10-22T14:43:00","date_gmt":"2016-10-22T12:43:00","guid":{"rendered":"http:\/\/www.aktivkreis.goetze-media.de\/index.php\/2016-schnaepchensonntag\/"},"modified":"2016-10-22T14:43:00","modified_gmt":"2016-10-22T12:43:00","slug":"2016-schnaepchensonntag","status":"publish","type":"page","link":"https:\/\/www.aktivkreis-frechen.de\/index.php\/2016-schnaepchensonntag\/","title":{"rendered":"10.04.2016 Fr\u00fchlingsmarkt"},"content":{"rendered":"<p>&nbsp;<img decoding=\"async\" class=\" size-full wp-image-216\" src=\"http:\/\/www.aktivkreis.goetze-media.de\/wp-content\/uploads\/2013\/09\/motto_schnaepchensonntag.jpg\" alt=\"motto schnaepchensonntag\" width=\"168\" height=\"111\" \/><\/p>\n<p><strong>10.04.2016<strong> Fr\u00fchlingsmarkt<\/strong> 2016<\/strong><\/p>\n<p>  <!--more-->  <\/p>\n<p>&nbsp;<\/p>\n<table border=\"0\">\n<tbody>\n<tr>\n<td><img fetchpriority=\"high\" decoding=\"async\" class=\" size-full wp-image-250\" src=\"http:\/\/www.aktivkreis.goetze-media.de\/wp-content\/uploads\/2016\/10\/fr%C3%BChlingsmark_2016.jpg\" alt=\"fr\u00fchlingsmark 2016\" width=\"546\" height=\"767\" \/><br \/>&nbsp;<\/td>\n<\/tr>\n<\/tbody>\n<\/table>\n<p>&nbsp;<\/p>\n<p><span style=\"font-size: 11pt; font-family: 'Calibri','sans-serif';\">Am Sonntag, den 10.April 2016 findet in der Frechener Innenstadt der Fr\u00fchlingsmarkt statt.<br \/>Der sch\u00f6ne Markt rund um das historische Rathaus auf dem Marktplatz l\u00e4dt zum St\u00f6bern und Verweilen ein.<br \/><strong>Verkaufsoffen ist in ganz Frechen von 13-18 Uhr.<\/strong><\/span><\/p>\n<p>&nbsp;<\/p>\n","protected":false},"excerpt":{"rendered":"<p>&nbsp; 10.04.2016 Fr\u00fchlingsmarkt 2016<\/p>\n","protected":false},"author":1,"featured_media":216,"parent":0,"menu_order":15,"comment_status":"closed","ping_status":"closed","template":"","meta":{"footnotes":""},"class_list":["post-251","page","type-page","status-publish","has-post-thumbnail","hentry"],"_links":{"self":[{"href":"https:\/\/www.aktivkreis-frechen.de\/index.php\/wp-json\/wp\/v2\/pages\/251","targetHints":{"allow":["GET"]}}],"collection":[{"href":"https:\/\/www.aktivkreis-frechen.de\/index.php\/wp-json\/wp\/v2\/pages"}],"about":[{"href":"https:\/\/www.aktivkreis-frechen.de\/index.php\/wp-json\/wp\/v2\/types\/page"}],"author":[{"embeddable":true,"href":"https:\/\/www.aktivkreis-frechen.de\/index.php\/wp-json\/wp\/v2\/users\/1"}],"replies":[{"embeddable":true,"href":"https:\/\/www.aktivkreis-frechen.de\/index.php\/wp-json\/wp\/v2\/comments?post=251"}],"version-history":[{"count":0,"href":"https:\/\/www.aktivkreis-frechen.de\/index.php\/wp-json\/wp\/v2\/pages\/251\/revisions"}],"wp:featuredmedia":[{"embeddable":true,"href":"https:\/\/www.aktivkreis-frechen.de\/index.php\/wp-json\/wp\/v2\/media\/216"}],"wp:attachment":[{"href":"https:\/\/www.aktivkreis-frechen.de\/index.php\/wp-json\/wp\/v2\/media?parent=251"}],"curies":[{"name":"wp","href":"https:\/\/api.w.org\/{rel}","templated":true}]}}